{"id":7038,"date":"2022-02-28T12:07:06","date_gmt":"2022-02-28T17:07:06","guid":{"rendered":"http:\/\/convention.cpa.ca\/scientific-program\/pre-conference-events\/"},"modified":"2026-02-24T15:58:15","modified_gmt":"2026-02-24T20:58:15","slug":"pre-conference-events","status":"publish","type":"page","link":"https:\/\/convention.cpa.ca\/fr\/scientific-program\/pre-conference-events\/","title":{"rendered":"Pre-Convention Events"},"content":{"rendered":"<p>[et_pb_section fb_built=\u00a0\u00bb1&Prime; _builder_version=\u00a0\u00bb4.16&Prime; global_colors_info=\u00a0\u00bb{}\u00a0\u00bb][et_pb_row _builder_version=\u00a0\u00bb4.16&Prime; background_size=\u00a0\u00bbinitial\u00a0\u00bb background_position=\u00a0\u00bbtop_left\u00a0\u00bb background_repeat=\u00a0\u00bbrepeat\u00a0\u00bb global_colors_info=\u00a0\u00bb{}\u00a0\u00bb][et_pb_column type=\u00a0\u00bb4_4&Prime; _builder_version=\u00a0\u00bb4.16&Prime; custom_padding=\u00a0\u00bb|||\u00a0\u00bb global_colors_info=\u00a0\u00bb{}\u00a0\u00bb custom_padding__hover=\u00a0\u00bb|||\u00a0\u00bb][et_pb_text _builder_version=\u00a0\u00bb4.27.4&Prime; _module_preset=\u00a0\u00bbdefault\u00a0\u00bb global_colors_info=\u00a0\u00bb{}\u00a0\u00bb]<\/p>\n<h1 style=\"text-align: center;\">Pre-Convention Events<\/h1>\n<hr \/>\n<h3>As the program evolves, we will have more news to share, check back often for updates<\/h3>\n<p>&nbsp;<\/p>\n<p>&nbsp;<\/p>\n<p>[\/et_pb_text][et_pb_text disabled_on=\u00a0\u00bboff|off|off\u00a0\u00bb _builder_version=\u00a0\u00bb4.27.4&Prime; background_size=\u00a0\u00bbinitial\u00a0\u00bb background_position=\u00a0\u00bbtop_left\u00a0\u00bb background_repeat=\u00a0\u00bbrepeat\u00a0\u00bb global_colors_info=\u00a0\u00bb{}\u00a0\u00bb]<\/p>\n<h2>Pre-Convention Professional Development Workshops<\/h2>\n<p>June 3, 2026<\/p>\n<div style=\"padding-left: 50px;\">\n<p>Pre-Convention PD Workshops are scheduled to take place on June 3rd. These workshops will be 3-hours or 6-hours in duration for corresponding CE credits.Click here for the <strong><a href=\"http:\/\/convention.cpa.ca\/workshops\/pre-convention-program\/\">Full list of Pre-Conference Workshops<\/a><\/strong>\u00a0and for the links to register, either for just the PCPDWs, or for the PCPDWs and the CPA 2026 Convention at the same time,<\/p>\n<p>&nbsp;<\/p>\n<\/div>\n<hr style=\"margin-top: 12px;\" \/>[\/et_pb_text][et_pb_text disabled_on=\u00a0\u00bbon|on|on\u00a0\u00bb _builder_version=\u00a0\u00bb4.27.4&Prime; background_size=\u00a0\u00bbinitial\u00a0\u00bb background_position=\u00a0\u00bbtop_left\u00a0\u00bb background_repeat=\u00a0\u00bbrepeat\u00a0\u00bb disabled=\u00a0\u00bbon\u00a0\u00bb global_colors_info=\u00a0\u00bb{}\u00a0\u00bb]<\/p>\n<h2>Social &amp; Personality Section Pre-Convention Event<\/h2>\n<p>June 20th, 2024 &#8211; 8:30am &#8211; 4:30pm EDT.<\/p>\n<div style=\"padding-left: 50px;\">\n<p>The Social &amp; Personality section will be hosting a pre-conference on Thurs. June 20, 2024, from 8:30 am \u2013 4:30 pm at the Westin Ottawa Hotel (one day before the main convention begins). The day will consist of invited speakers and data blitz presentations.<\/p>\n<p><em><!---If you are interested in presenting a data blitz presentation at the pre-conference, please check out-->Visit the Social and Personality section website for more details\u00a0<a href=\"https:\/\/can01.safelinks.protection.outlook.com\/?url=https%3A%2F%2Fcpa.ca%2Fsections%2Fsocialandpersonality%2Fpreconference%2F&amp;data=05%7C02%7Ctbleeker%40cpa.ca%7C57ff3c6b138841c4a0ee08dc2ca85610%7C738895c3798041238d491ee5c8d3b981%7C0%7C0%7C638434348849842666%7CUnknown%7CTWFpbGZsb3d8eyJWIjoiMC4wLjAwMDAiLCJQIjoiV2luMzIiLCJBTiI6Ik1haWwiLCJXVCI6Mn0%3D%7C0%7C%7C%7C&amp;sdata=gHFQptwK6F4sE8eBfEqYjtNwJhe8frnRaQAVIa8CH0o%3D&amp;reserved=0\">https:\/\/cpa.ca\/sections\/socialandpersonality\/preconference\/<\/a><\/em>\u00a0.<\/p>\n<article style=\"-webkit-column-width: 450px; -moz-column-width: 450px; column-width: 450px;\">\n<div style=\"padding-left: 20px;\">\n<div style=\"-webkit-column-break-inside: avoid; page-break-inside: avoid; break-inside: avoid;\">\n<div style=\"min-height: 200px;\"><img decoding=\"async\" class=\"textwrapleft\" style=\"max-width: 150px; max-height: 150px; border-radius: 30px;\" src=\"https:\/\/cpa.ca\/docs\/File\/Sections\/SocialPersonality\/EricHehman.jpg\" alt=\"Eric Hehman\" \/><br \/><strong>Dr. Eric Hehman<\/strong><br \/><em>McGill University<\/em><br \/><span style=\"font-weight: bold;\">Towards a Predictive Model of Prejudice<\/span><\/div>\n<\/div>\n<div style=\"-webkit-column-break-inside: avoid; page-break-inside: avoid; break-inside: avoid;\">\n<div style=\"min-height: 200px;\"><img decoding=\"async\" class=\"textwrapleft\" style=\"max-width: 150px; max-height: 150px; border-radius: 30px;\" src=\"https:\/\/cpa.ca\/docs\/File\/Sections\/SocialPersonality\/IgorGrossmann.jpg\" alt=\"Igor Grossmann\" \/><br \/><strong>Dr. Igor Grossmann<\/strong><br \/><em>University of Waterloo<\/em><br \/><span style=\"font-weight: bold;\">Limits of Expert Judgment of Societal Change<\/span><\/div>\n<\/div>\n<div style=\"-webkit-column-break-inside: avoid; page-break-inside: avoid; break-inside: avoid;\">\n<div style=\"min-height: 200px;\"><img decoding=\"async\" class=\"textwrapleft\" style=\"max-width: 150px; max-height: 150px; border-radius: 30px;\" src=\"https:\/\/cpa.ca\/docs\/File\/Sections\/SocialPersonality\/JenniferSteele.jpg\" alt=\"Jennifer Steele\" \/><br \/><strong>Dr. Jennifer Steele<\/strong><br \/><em>York University<\/em><br \/><span style=\"font-weight: bold;\">Bias Toward Intersectional Targets: New Insights from Implicit Measures<\/span><\/div>\n<\/div>\n<div style=\"-webkit-column-break-inside: avoid; page-break-inside: avoid; break-inside: avoid;\">\n<div style=\"min-height: 200px;\"><img decoding=\"async\" class=\"textwrapleft\" style=\"max-width: 150px; max-height: 150px; border-radius: 30px;\" src=\"https:\/\/cpa.ca\/docs\/File\/Sections\/SocialPersonality\/NorhanElsaadawy.jpg\" alt=\"Norhan Elsaadawy\" \/><br \/><strong>Dr. Norhan Elsaadawy<\/strong><br \/><em>Carleton University<\/em><br \/><span style=\"font-weight: bold;\">Thinking About You, Thinking About Me: Meta-Perceptions in Daily Life<\/span><\/div>\n<\/div>\n<div style=\"-webkit-column-break-inside: avoid; page-break-inside: avoid; break-inside: avoid;\">\n<div style=\"min-height: 200px;\"><img decoding=\"async\" class=\"textwrapleft\" style=\"max-width: 150px; max-height: 150px; border-radius: 30px;\" src=\"https:\/\/cpa.ca\/docs\/File\/Sections\/SocialPersonality\/PatrickGaudreau.jpg\" alt=\"Patrick Gaudreau\" \/><br \/><strong>Dr. Patrick Gaudreau<\/strong><br \/><em>University of Ottawa<\/em><br \/><span style=\"font-weight: bold;\">Redefining Perfectionism with the Model of Excellencism and Perfectionism<\/span><\/div>\n<\/div>\n<\/div>\n<\/article>\n<p><!--------------- Registration details will be posted in March 2023.------- ------------------------><br \/>Registration is now open for the Social &amp; Personality Section&rsquo;s Pre-Convention Event, June 20th, 2024 \u2013 8:30am \u2013 4:30pm EDT.<\/p>\n<p><a class=\"myButton\" href=\"https:\/\/secure.cpa.ca\/apps\/Pages\/ams-event-details\/250258?isPreview=False\" target=\"_blank\" rel=\"noopener noreferrer\">Register Here<\/a><\/p>\n<table width=\"600\">\n<thead style=\"background-color: #cccccc;\">\n<tr>\n<td colspan=\"4\"><strong>Registration Fees <\/strong><\/td>\n<\/tr>\n<\/thead>\n<tbody>\n<tr>\n<td><strong>Category<\/strong><\/td>\n<td><strong>Early-Bird Rate<\/strong><br \/>(until April 5, 2024 23:59 EDT)<\/td>\n<td><strong>Registration Rate<\/strong><br \/>(April 6 &#8211; June 19, 2024 23:59 EDT)<\/td>\n<td><strong>On-Site Rate<\/strong><br \/>(June 20, 2024)<\/td>\n<\/tr>\n<tr>\n<td>CPA Members*<\/td>\n<td>$150.00<\/td>\n<td>$175.00<\/td>\n<td>$200.00<\/td>\n<\/tr>\n<tr>\n<td>CPA Student Affiliates**<\/td>\n<td>$100.00<\/td>\n<td>$125.00<\/td>\n<td>$150.00<\/td>\n<\/tr>\n<tr>\n<td>CPA Honorary\/Retired Members and Fellows<\/td>\n<td>$100.00<\/td>\n<td>$100.00<\/td>\n<td>$120.00<\/td>\n<\/tr>\n<tr>\n<td>Non-Members<\/td>\n<td>$175.00<\/td>\n<td>$200.00<\/td>\n<td>$225.00<\/td>\n<\/tr>\n<tr>\n<td>Student Non-Affiliates<\/td>\n<td>$125.00<\/td>\n<td>$150.00<\/td>\n<td>$175.00<\/td>\n<\/tr>\n<\/tbody>\n<\/table>\n<p><em>Taxes not included.<\/em><\/p>\n<p>*includes Full Member, ECY1&amp;2, Parental Leave, APA-CPA Joint\/Fellow, CPA Affiliates (Special Affiliates, International Affiliates, Bachelor&rsquo;s Gap Year)<br \/>**includes International Student Affiliates<\/p>\n<\/div>\n<hr style=\"margin-top: 12px;\" \/>[\/et_pb_text][et_pb_text _builder_version=\u00a0\u00bb4.27.4&Prime; _module_preset=\u00a0\u00bbdefault\u00a0\u00bb hover_enabled=\u00a0\u00bb0&Prime; global_colors_info=\u00a0\u00bb{}\u00a0\u00bb sticky_enabled=\u00a0\u00bb0&Prime;]<\/p>\n<h2>Development 2026: A Canadian Conference on Developmental Psychology<\/h2>\n<p>June 2 &amp; 3, 2026<\/p>\n<div style=\"padding-left: 50px;\">\n<p>The Pickering Centre is excited to announce that\u00a0<em>Development 2026: A Canadian Conference on Developmental Psychology<\/em>\u00a0will take place from\u00a0<strong>June 2-3<\/strong>\u00a0in Montreal, at the Westin Hotel, the two days prior to the Canadian Psychological Association\u2019s 2026 Annual Convention.<\/p>\n<p>We anticipate an exciting program of symposia, posters, flash talks, and keynote lectures, all to be announced in the coming months. Attendees at\u00a0<em>Development 2026<\/em> will also be able to enjoy a 10% discount off their CPA registration fee if they choose to stay for both conferences!<\/p>\n<p><center><a class=\"myButton\" href=\"https:\/\/secure.cpa.ca\/Apps\/Pages\/ams-event-details\/302517?isPreview=False\" target=\"_blank\" rel=\"noopener noreferrer\">Inscrivez-vous pour<br \/>Development 2026<\/a><\/center><\/p>\n<p>You can find out more on their website: <a href=\"https:\/\/pickeringcentre.org\/conference\/\" target=\"_blank\" rel=\"noopener\">https:\/\/pickeringcentre.org\/conference\/. <\/a><br \/><!----<\/p>\n\n\n\n\n<p><strong>Registration is now open here: <a href=\"https:\/\/convention.cpa.ca\/registration\/\">https:\/\/convention.cpa.ca\/registration\/<\/a><\/strong><\/p>\n\n\n\n\n<p>--->\u00a0<\/p>\n<\/div>\n<hr style=\"margin-top: 12px;\" \/>[\/et_pb_text][et_pb_text _builder_version=\u00a0\u00bb4.27.4&Prime; _module_preset=\u00a0\u00bbdefault\u00a0\u00bb global_colors_info=\u00a0\u00bb{}\u00a0\u00bb]<\/p>\n<h2>Trained in Canada 2026<\/h2>\n<p><img decoding=\"async\" class=\"textwrapright\" style=\"max-width: 350px;\" src=\"https:\/\/cpa.ca\/docs\/File\/Convention\/2026\/TrainedInCanada2026.jpg\" alt=\"Trained In Canada 2026\" \/><br \/>\n2 &#8211; 3 juin, 2026<br \/>\nH\u00f4tel Westin Montr\u00e9al<\/p>\n<div style=\"padding-left: 50px;\">\n<p>Cet \u00e9v\u00e9nement s\u2019adresse \u00e0 toute personne impliqu\u00e9e dans la formation de la prochaine g\u00e9n\u00e9ration de psychologues. Les participants id\u00e9aux sont engag\u00e9s \u00e0 offrir une formation de haute qualit\u00e9 et socialement responsable aux \u00e9tudiants dipl\u00f4m\u00e9s en psychologie, y compris les superviseurs, les membres du corps professoral, les superviseurs de stages et de r\u00e9sidences en psychologie, les directeurs de la formation clinique et les directeurs de programmes.<\/p>\n<p><center><a class=\"myButton\" href=\"https:\/\/secure.cpa.ca\/Apps\/frPages\/ams-event-details\/302546?isPreview=False\" target=\"_blank\" rel=\"noopener noreferrer\">Inscrivez-vous pour<br \/>\nTrained In Canada 2026<\/a><\/center><\/p>\n<p><!----\nL\u2019appel \u00e0 r\u00e9sum\u00e9s est maintenant ouvert \u2013 <a href=\"https:\/\/cpa.ca\/docs\/File\/Convention\/2026\/French Copy of CCPPP Flyer update.pdf\" target=\"_blank\" rel=\"noopener\" data-wplink-url-error=\"true\">scannez le code QR pour soumettre votre proposition<\/a>. La date limite est le 31 janvier.\n---><br \/>\nVous trouverez plus de renseignements sur leur site Web\u00a0: <a href=\"https:\/\/ccppp.ca\/Trained-In-Canada-Conference-2026\" target=\"_blank\">https:\/\/ccppp.ca\/Trained-In-Canada-Conference-2026<\/a><\/p>\n<\/div>\n<hr style=\"margin-top: 12px;\" \/>[\/et_pb_text][\/et_pb_column][\/et_pb_row][\/et_pb_section]<\/p>\n","protected":false},"excerpt":{"rendered":"<p><!--more--><\/p>\n","protected":false},"author":5,"featured_media":0,"parent":2507,"menu_order":0,"comment_status":"closed","ping_status":"closed","template":"","meta":{"_et_pb_use_builder":"on","_et_pb_old_content":"<h2>Social & Personality Section Pre-Conference Event<\/h2>\r\nJune 16, 2022 - 5:30pm - 8:30pm MDT.\r\n<div style=\"padding-left:50px;\">\r\nThe CPA\u2019s Social and Personality Section is pleased to be hosting a pre-conference event as part of the CPA\u2019s 2022 Annual Convention in Calgary, Alberta on June 16th, 2022 at the Hyatt Regency Calgary Hotel.  This exciting event is open to CPA students and members, as well as non-CPA members and students. Featuring an exciting line up of speakers covering a wide array of social and personality topics, this event is not to be missed!\r\n\r\nRegistration is now open for the Social & Personality Section's Pre-Convention Event, June 16, 2022 from 5:30pm - 8:30pm MDT.\r\n\r\n<a target=\"_blank\" class=\"myButton\" href=\"https:\/\/secure.cpa.ca\/apps\/ShoppingCart\/AddRegistrationToCart\/203717?isPreview=False&quantity=1&isforcedSessionClear=True&app=AppName\" rel=\"noopener\">Register Here<\/a>\r\n\r\n$35.00 - CPA Members\r\n$25.00 - CPA Student Affiliates\r\n$50.00 - Non-members\r\n\r\n<\/div>\r\n\r\n<hr style=\"padding-top:12px;\" \/>\r\n<h2>Pre-Conference Workshops<\/h2>\r\nJune 16, 2022\r\n<div style=\"padding-left:50px;\">\r\nClick here for the <strong><a href=\"\">Full list of Pre-Conference Workshops<\/a><\/strong>\r\n<\/div>\r\n\r\n<hr style=\"padding-top:12px;\" \/>\r\n<h2>Development 2022<\/h2>\r\nJune 15 & 16, 2022\r\n<div style=\"padding-left:50px;\">\r\n<strong><em>Development 2022<\/em><\/strong>, Canadian Conference on Developmental Psychology hosted by the Pickering Centre for Research in Human Development, will precede the CPA\u2019s Annual Convention at the Hyatt Regency on June 15th \u2013 16th, 2022.\r\n\r\nRegistration opens in mid-March\r\n<\/div>\r\n\r\n<hr style=\"padding-top:12px;\" \/>","_et_gb_content_width":"","_monsterinsights_skip_tracking":false,"_monsterinsights_sitenote_active":false,"_monsterinsights_sitenote_note":"","_monsterinsights_sitenote_category":0,"footnotes":""},"class_list":["post-7038","page","type-page","status-publish","hentry"],"aioseo_notices":[],"publishpress_future_action":{"enabled":false,"date":"2026-05-03 12:48:05","action":"change-status","newStatus":"draft","terms":[],"taxonomy":"translation_priority","extraData":[]},"publishpress_future_workflow_manual_trigger":{"enabledWorkflows":[]},"_links":{"self":[{"href":"https:\/\/convention.cpa.ca\/fr\/wp-json\/wp\/v2\/pages\/7038","targetHints":{"allow":["GET"]}}],"collection":[{"href":"https:\/\/convention.cpa.ca\/fr\/wp-json\/wp\/v2\/pages"}],"about":[{"href":"https:\/\/convention.cpa.ca\/fr\/wp-json\/wp\/v2\/types\/page"}],"author":[{"embeddable":true,"href":"https:\/\/convention.cpa.ca\/fr\/wp-json\/wp\/v2\/users\/5"}],"replies":[{"embeddable":true,"href":"https:\/\/convention.cpa.ca\/fr\/wp-json\/wp\/v2\/comments?post=7038"}],"version-history":[{"count":100,"href":"https:\/\/convention.cpa.ca\/fr\/wp-json\/wp\/v2\/pages\/7038\/revisions"}],"predecessor-version":[{"id":17533,"href":"https:\/\/convention.cpa.ca\/fr\/wp-json\/wp\/v2\/pages\/7038\/revisions\/17533"}],"up":[{"embeddable":true,"href":"https:\/\/convention.cpa.ca\/fr\/wp-json\/wp\/v2\/pages\/2507"}],"wp:attachment":[{"href":"https:\/\/convention.cpa.ca\/fr\/wp-json\/wp\/v2\/media?parent=7038"}],"curies":[{"name":"wp","href":"https:\/\/api.w.org\/{rel}","templated":true}]}}